{"id":2,"date":"2016-01-27T10:18:05","date_gmt":"2016-01-27T08:18:05","guid":{"rendered":"http:\/\/www.dami.fi\/ajanvaraus\/?page_id=2"},"modified":"2019-11-28T14:22:22","modified_gmt":"2019-11-28T12:22:22","slug":"ohjeet-ehdot","status":"publish","type":"page","link":"https:\/\/www.dami.fi\/ajanvaraus\/ohjeet-ehdot\/","title":{"rendered":"Vinkit ja ehdot"},"content":{"rendered":"\t\t<div data-elementor-type=\"wp-page\" data-elementor-id=\"2\" class=\"elementor elementor-2\">\n\t\t\t\t\t\t<section class=\"elementor-section elementor-top-section elementor-element elementor-element-178b4d2c elementor-section-boxed elementor-section-height-default elementor-section-height-default\" data-id=\"178b4d2c\" data-element_type=\"section\">\n\t\t\t\t\t\t<div class=\"elementor-container elementor-column-gap-default\">\n\t\t\t\t\t<div class=\"elementor-column elementor-col-100 elementor-top-column elementor-element elementor-element-5bc39675\" data-id=\"5bc39675\" data-element_type=\"column\">\n\t\t\t<div class=\"elementor-widget-wrap elementor-element-populated\">\n\t\t\t\t\t\t<div class=\"elementor-element elementor-element-362d303 elementor-invisible elementor-widget elementor-widget-heading\" data-id=\"362d303\" data-element_type=\"widget\" data-settings=\"{&quot;_animation&quot;:&quot;pulse&quot;}\" data-widget_type=\"heading.default\">\n\t\t\t\t<div class=\"elementor-widget-container\">\n\t\t\t\t\t<h1 class=\"elementor-heading-title elementor-size-default\">Vinkkej\u00e4 ja yleisi\u00e4 ehtoja<\/h1>\t\t\t\t<\/div>\n\t\t\t\t<\/div>\n\t\t\t\t<div class=\"elementor-element elementor-element-37c9a0a0 elementor-widget elementor-widget-text-editor\" data-id=\"37c9a0a0\" data-element_type=\"widget\" data-widget_type=\"text-editor.default\">\n\t\t\t\t<div class=\"elementor-widget-container\">\n\t\t\t\t\t\t\t\t\t<p>Tullessasi kampaamoon, sinun ei v\u00e4ltt\u00e4m\u00e4tt\u00e4 tarvitse tiet\u00e4\u00e4 mit\u00e4 haluat hiuksillesi teht\u00e4v\u00e4n. Yhdess\u00e4 voimme hakea sopivaa mallia\/v\u00e4ri\u00e4 ja tehd\u00e4 pidempiaikaistakin suunnitelmaa hiuksillesi. On kuitenkin olemassa muutamia yleisi\u00e4 ohjeita, joihin kannattaa tutustua etuk\u00e4teen, jotta lopputulos olisi mahdollisimman mieluinen.<\/p><h2>Yleist\u00e4 tietoja ja suosituksia<\/h2><p><span class=\"xr_tl xr_s16\">\u2022 Kerro<\/span><span class=\"xr_tl xr_s16\"> rohkeasti toiveesi etuk\u00e4teen! Kerro my\u00f6s mit\u00e4 ET halua hiuksillesi teht\u00e4v\u00e4n. <\/span>Parturisi voi olla hiustaikuri, mutta ajatustenlukemiseen h\u00e4n ei kykene. Ehdotamme mielell\u00e4mme sinulle sopivaa v\u00e4ri\u00e4 tai leikkausta, mutta varsinkin uusilla asiakkailla kommunikointi mahdollistaa parhaan lopputuloksen.<\/p><p><span class=\"xr_tl xr_s16\">\u2022 Kuva kertoo enemm\u00e4n kuin tuhat sanaa, joten voit tuoda mukanasi kuvan tai <\/span> <span class=\"xr_tl xr_s16\">useampia haluamastasi hiusmallista, hiusv\u00e4rist\u00e4 tai tekstuurista parturi-kampaamok\u00e4ynnillesi. <\/span>Muistathan kuitenkin, ett\u00e4 t\u00e4sm\u00e4lleen kuvankaltaista lopputulosta on harvoin mahdollista saavuttaa.<\/p><p>\u2022 Joskus haluttu lopputulos vaatii useamman k\u00e4sittelykerran, esim. tummanpunaisesta hiuksesta ei saa siniseen taittavaa vaaleaa yhdell\u00e4 istumalla. Kerromme aina, mik\u00e4li asiakkaan toive ei ole toteutettavissa tai se vaatii useampia toimenpiteit\u00e4. Monet hiusv\u00e4rit vaativat yll\u00e4pitoa my\u00f6s kotona, jotta s\u00e4vy s\u00e4ilyy hyv\u00e4n\u00e4 mahdollisimman pitk\u00e4\u00e4n. Varaathan aina ajan puhelimitse, mik\u00e4li hiuksesi vaativat vaalennusta.<\/p><p>\u2022 Suosittelemme k\u00e4ytt\u00e4m\u00e4\u00e4n kampaamotuotteita lopputuloksen yll\u00e4pit\u00e4miseksi.<\/p><p><span class=\"xr_tl xr_s16\">\u2022 Jos k\u00e4rsit ohenevista hiuksista, hiustenl\u00e4hd\u00f6st\u00e4, hilseest\u00e4, rasvoittuvista hiuksista tai muista hiuksiin tai <\/span> <span class=\"xr_tl xr_s16\">hiuspohjaan liittyvist\u00e4 ongelmista, on niist\u00e4 hyv\u00e4 kertoa parturi-kampaajallesi. Kerro my\u00f6s mahdollisista allergioistasi\/aiemmista reaktioista esim. v\u00e4riaineisiin. <\/span><span class=\"xr_tl xr_s16\"><br \/><\/span><\/p><p>\u2022 Alle 16-vuotiaiden hiuksia ei lain mukaan voi v\u00e4rj\u00e4t\u00e4 hapetev\u00e4reill\u00e4. K\u00e4yt\u00f6ss\u00e4mme on kuitenkin my\u00f6s nuorille soveltuvia v\u00e4rivaihtoehtoja, jotka eiv\u00e4t sis\u00e4ll\u00e4 hapetetta. Kysy lis\u00e4\u00e4!<span class=\"xr_tl xr_s16\"><br \/><\/span><\/p><p><span class=\"xr_tl xr_s16\">\u2022 Mik\u00e4li varaat ajan pelkk\u00e4\u00e4n hiusten leikkaukseen ilman hiusten pesua, on suositeltavaa pest\u00e4 hiukset <\/span> <span class=\"xr_tl xr_s16\">noin 2-12h ennen varatun palveluajan alkamista. <\/span>Saavu kampaajalle mielell\u00e4\u00e4n kuivilla hiuksilla. Kampaukseen tullessasi sinun ei tarvitse kihartaa tai muuten k\u00e4sitell\u00e4 hiuksiasi etuk\u00e4teen, t\u00e4m\u00e4 ei nopeuta kampauksen tekemist\u00e4 vaan p\u00e4invastoin.<\/p><p><span class=\"xr_tl xr_s16\">\u2022 Muistathan varata riitt\u00e4v\u00e4sti aikaa parturi-kampaamo k\u00e4ynnillesi. <\/span><span class=\"xr_tl xr_s16\">Olethan my\u00f6s ajoissa paikalla, my\u00f6h\u00e4stynytt\u00e4 asiakasta pyrit\u00e4\u00e4n palvelemaan mahdollisimman hyvin, mutta emme voi taata varatun palvelun toteutumista.<br \/><\/span><\/p><p><span class=\"xr_tl xr_s16\">\u2022 Eth\u00e4n tule parturi-kampaamoon kuumeisena, vatsataudissa tai muussa tarttuvassa taudissa!<br \/><\/span><\/p><p>\u2022 Pyrimme aina hyv\u00e4\u00e4n asiakaspalveluun ja asiakasta miellytt\u00e4v\u00e4\u00e4n lopputulokseen. Mik\u00e4li kuitenkin haluat reklamoida, toivomme ett\u00e4 reklamaatiot osoitetaan meille puhelimitse, s\u00e4hk\u00f6postilla tai mielell\u00e4\u00e4n paikan p\u00e4\u00e4ll\u00e4. <span class=\"xr_tl Normal\">Emme hyv\u00e4ksy reklamaatioita, jotka tehd\u00e4\u00e4n viikkoja tai kuukausia <\/span><span class=\"xr_tl Normal\">j\u00e4lkik\u00e4teen. Emme korvaa asiakkaan itse hiuksille aiheuttamaansa vahinkoa, joka johtuu esim. puutteellisesta tai v\u00e4\u00e4r\u00e4nlaisesta hoidosta. <\/span><\/p><h2>Ehdot<\/h2><p><strong>Henkil\u00f6tiedot<\/strong><br \/><span class=\"xr_tl xr_s16\">\u2022 Asiakkaalla on velvollisuus ilmoittaa oikea etu- ja sukunimens\u00e4 sek\u00e4 puhelinnumeronsa tehdess\u00e4\u00e4n <\/span> <span class=\"xr_tl xr_s16\">varausta. Parturi-Kampaamo Dami <\/span><span class=\"xr_tl xr_s16\">ei luovuta asiakkaiden henkil\u00f6tietoja ulkopuolisille tahoille<\/span><span class=\"xr_tl xr_s16\"> ja asiakkaiden henkil\u00f6tiedot ovat vain Damin asiakaskontaktointiin tarkoitettuja. Emme k\u00e4yt\u00e4 niit\u00e4 suoramarkkinointiin.<\/span><\/p><p><strong>My\u00f6h\u00e4styminen \/ peruuttaminen<\/strong><br \/>\u2022 Ole ajoissa paikan p\u00e4\u00e4ll\u00e4, ilmoita mik\u00e4li my\u00f6h\u00e4styt. My\u00f6h\u00e4stynytt\u00e4 asiakasta pyrit\u00e4\u00e4n palvelemaan mahdollisimman hyvin, mutta emme voi taata varatun palvelun toteutumista, palvelu saattaa j\u00e4\u00e4d\u00e4 kesken tai kokonaan toteutumatta. Varattu aika tulee peruuttaa puhelimitse viimeist\u00e4\u00e4n ajanvarausta edelt\u00e4v\u00e4n ty\u00f6p\u00e4iv\u00e4n aikana. Peruuttamattomista ajoista veloitamme 25\u20ac\/varattu ty\u00f6tunti.<\/p><p><span class=\"xr_tl xr_s16\">Mik\u00e4li aika peruuntuu Damin toimesta, soitamme asiakkaalle ja tarjoamme uutta aikaa.<\/span><\/p><p><strong><span class=\"xr_tl xr_s16\"><span class=\"xr_s24\">Maksutavat<\/span><\/span><\/strong><br \/><span class=\"xr_tl xr_s16\">\u2022 Maksuv\u00e4lineen\u00e4 k\u00e4y k\u00e4teinen, yleisimm\u00e4t pankki-\/luottokortit sek\u00e4 Damin <\/span> <span class=\"xr_tl xr_s16\">lahjakortti. <\/span><\/p><p><strong>Hinnat<\/strong><br \/>\u2022 Toimimme oman keskim\u00e4\u00e4r\u00e4isen hinnastomme mukaan, hinnat n\u00e4ht\u00e4vill\u00e4 t\u00e4\u00e4ll\u00e4 sek\u00e4 sivuillamme <a href=\"http:\/\/www.dami.fi\" target=\"_blank\" rel=\"noopener noreferrer\">www.dami.fi.<\/a> Hinnat esill\u00e4 my\u00f6s kampaamossamme. Kaikki hinnat sis\u00e4lt\u00e4v\u00e4t alv. 24%. Lopullinen hinta m\u00e4\u00e4r\u00e4ytyy aina asiakkaan hiuslaadun ja -pituuden, toivotun lopputuloksen sek\u00e4 k\u00e4ytetyn ajan ja materiaalin perusteella. Pid\u00e4t\u00e4mme oikeuden hinnan muutoksiin.<\/p><p><strong>Ajanvarausj\u00e4rjestelm\u00e4<\/strong><br \/>\u2022 Ajanvarausj\u00e4rjestelm\u00e4ss\u00e4mme, kuten monissa muissakin tietoteknisiss\u00e4 sovelluksissa, saattaa esiinty\u00e4 k\u00e4ytt\u00f6katkoja tai toimintaongelmia. Pyrimme tarttumaan ongelmatilanteisiin v\u00e4litt\u00f6m\u00e4sti ja panostamme j\u00e4rjestelm\u00e4mme luotettavuuteen. Ilmoitathan, mik\u00e4li havaitset j\u00e4rjestelm\u00e4ss\u00e4mme puutteita.<\/p>\t\t\t\t\t\t\t\t<\/div>\n\t\t\t\t<\/div>\n\t\t\t\t\t<\/div>\n\t\t<\/div>\n\t\t\t\t\t<\/div>\n\t\t<\/section>\n\t\t\t\t<\/div>\n\t\t","protected":false},"excerpt":{"rendered":"<p>Vinkkej\u00e4 ja yleisi\u00e4 ehtoja Tullessasi kampaamoon, sinun ei v\u00e4ltt\u00e4m\u00e4tt\u00e4 tarvitse tiet\u00e4\u00e4 mit\u00e4 haluat hiuksillesi teht\u00e4v\u00e4n. Yhdess\u00e4 voimme hakea sopivaa mallia\/v\u00e4ri\u00e4 ja tehd\u00e4 pidempiaikaistakin suunnitelmaa hiuksillesi. On kuitenkin olemassa muutamia yleisi\u00e4 ohjeita, joihin kannattaa tutustua etuk\u00e4teen, jotta lopputulos olisi mahdollisimman mieluinen. Yleist\u00e4 tietoja ja suosituksia \u2022 Kerro rohkeasti toiveesi etuk\u00e4teen! Kerro my\u00f6s mit\u00e4 ET halua hiuksillesi &hellip;<\/p>\n<p class=\"read-more\"> <a class=\"\" href=\"https:\/\/www.dami.fi\/ajanvaraus\/ohjeet-ehdot\/\"> <span class=\"screen-reader-text\">Vinkit ja ehdot<\/span> Lue lis\u00e4\u00e4 &raquo;<\/a><\/p>\n","protected":false},"author":1,"featured_media":0,"parent":0,"menu_order":0,"comment_status":"closed","ping_status":"open","template":"","meta":{"footnotes":""},"class_list":["post-2","page","type-page","status-publish","hentry"],"yoast_head":"<!-- This site is optimized with the Yoast SEO plugin v26.0 - https:\/\/yoast.com\/wordpress\/plugins\/seo\/ -->\n<title>Vinkit ja ehdot - Dami - Nettiajanvaraus<\/title>\n<meta name=\"robots\" content=\"index, follow, max-snippet:-1, max-image-preview:large, max-video-preview:-1\" \/>\n<link rel=\"canonical\" href=\"https:\/\/www.dami.fi\/ajanvaraus\/ohjeet-ehdot\/\" \/>\n<meta property=\"og:locale\" content=\"fi_FI\" \/>\n<meta property=\"og:type\" content=\"article\" \/>\n<meta property=\"og:title\" content=\"Vinkit ja ehdot - Dami - Nettiajanvaraus\" \/>\n<meta property=\"og:description\" content=\"Vinkkej\u00e4 ja yleisi\u00e4 ehtoja Tullessasi kampaamoon, sinun ei v\u00e4ltt\u00e4m\u00e4tt\u00e4 tarvitse tiet\u00e4\u00e4 mit\u00e4 haluat hiuksillesi teht\u00e4v\u00e4n. Yhdess\u00e4 voimme hakea sopivaa mallia\/v\u00e4ri\u00e4 ja tehd\u00e4 pidempiaikaistakin suunnitelmaa hiuksillesi. On kuitenkin olemassa muutamia yleisi\u00e4 ohjeita, joihin kannattaa tutustua etuk\u00e4teen, jotta lopputulos olisi mahdollisimman mieluinen. Yleist\u00e4 tietoja ja suosituksia \u2022 Kerro rohkeasti toiveesi etuk\u00e4teen! Kerro my\u00f6s mit\u00e4 ET halua hiuksillesi &hellip; Vinkit ja ehdot Lue lis\u00e4\u00e4 &raquo;\" \/>\n<meta property=\"og:url\" content=\"https:\/\/www.dami.fi\/ajanvaraus\/ohjeet-ehdot\/\" \/>\n<meta property=\"og:site_name\" content=\"Dami - Nettiajanvaraus\" \/>\n<meta property=\"article:modified_time\" content=\"2019-11-28T12:22:22+00:00\" \/>\n<meta name=\"twitter:card\" content=\"summary_large_image\" \/>\n<meta name=\"twitter:label1\" content=\"Arvioitu lukuaika\" \/>\n\t<meta name=\"twitter:data1\" content=\"3 minuuttia\" \/>\n<script type=\"application\/ld+json\" class=\"yoast-schema-graph\">{\"@context\":\"https:\/\/schema.org\",\"@graph\":[{\"@type\":\"WebPage\",\"@id\":\"https:\/\/www.dami.fi\/ajanvaraus\/ohjeet-ehdot\/\",\"url\":\"https:\/\/www.dami.fi\/ajanvaraus\/ohjeet-ehdot\/\",\"name\":\"Vinkit ja ehdot - Dami - Nettiajanvaraus\",\"isPartOf\":{\"@id\":\"https:\/\/www.dami.fi\/ajanvaraus\/#website\"},\"datePublished\":\"2016-01-27T08:18:05+00:00\",\"dateModified\":\"2019-11-28T12:22:22+00:00\",\"breadcrumb\":{\"@id\":\"https:\/\/www.dami.fi\/ajanvaraus\/ohjeet-ehdot\/#breadcrumb\"},\"inLanguage\":\"fi\",\"potentialAction\":[{\"@type\":\"ReadAction\",\"target\":[\"https:\/\/www.dami.fi\/ajanvaraus\/ohjeet-ehdot\/\"]}]},{\"@type\":\"BreadcrumbList\",\"@id\":\"https:\/\/www.dami.fi\/ajanvaraus\/ohjeet-ehdot\/#breadcrumb\",\"itemListElement\":[{\"@type\":\"ListItem\",\"position\":1,\"name\":\"Etusivu\",\"item\":\"https:\/\/www.dami.fi\/ajanvaraus\/\"},{\"@type\":\"ListItem\",\"position\":2,\"name\":\"Vinkit ja ehdot\"}]},{\"@type\":\"WebSite\",\"@id\":\"https:\/\/www.dami.fi\/ajanvaraus\/#website\",\"url\":\"https:\/\/www.dami.fi\/ajanvaraus\/\",\"name\":\"Dami - Nettiajanvaraus\",\"description\":\"Parturi-Kampaamo Damin nettiajanvaraus\",\"potentialAction\":[{\"@type\":\"SearchAction\",\"target\":{\"@type\":\"EntryPoint\",\"urlTemplate\":\"https:\/\/www.dami.fi\/ajanvaraus\/?s={search_term_string}\"},\"query-input\":{\"@type\":\"PropertyValueSpecification\",\"valueRequired\":true,\"valueName\":\"search_term_string\"}}],\"inLanguage\":\"fi\"}]}<\/script>\n<!-- \/ Yoast SEO plugin. -->","yoast_head_json":{"title":"Vinkit ja ehdot - Dami - Nettiajanvaraus","robots":{"index":"index","follow":"follow","max-snippet":"max-snippet:-1","max-image-preview":"max-image-preview:large","max-video-preview":"max-video-preview:-1"},"canonical":"https:\/\/www.dami.fi\/ajanvaraus\/ohjeet-ehdot\/","og_locale":"fi_FI","og_type":"article","og_title":"Vinkit ja ehdot - Dami - Nettiajanvaraus","og_description":"Vinkkej\u00e4 ja yleisi\u00e4 ehtoja Tullessasi kampaamoon, sinun ei v\u00e4ltt\u00e4m\u00e4tt\u00e4 tarvitse tiet\u00e4\u00e4 mit\u00e4 haluat hiuksillesi teht\u00e4v\u00e4n. Yhdess\u00e4 voimme hakea sopivaa mallia\/v\u00e4ri\u00e4 ja tehd\u00e4 pidempiaikaistakin suunnitelmaa hiuksillesi. On kuitenkin olemassa muutamia yleisi\u00e4 ohjeita, joihin kannattaa tutustua etuk\u00e4teen, jotta lopputulos olisi mahdollisimman mieluinen. Yleist\u00e4 tietoja ja suosituksia \u2022 Kerro rohkeasti toiveesi etuk\u00e4teen! Kerro my\u00f6s mit\u00e4 ET halua hiuksillesi &hellip; Vinkit ja ehdot Lue lis\u00e4\u00e4 &raquo;","og_url":"https:\/\/www.dami.fi\/ajanvaraus\/ohjeet-ehdot\/","og_site_name":"Dami - Nettiajanvaraus","article_modified_time":"2019-11-28T12:22:22+00:00","twitter_card":"summary_large_image","twitter_misc":{"Arvioitu lukuaika":"3 minuuttia"},"schema":{"@context":"https:\/\/schema.org","@graph":[{"@type":"WebPage","@id":"https:\/\/www.dami.fi\/ajanvaraus\/ohjeet-ehdot\/","url":"https:\/\/www.dami.fi\/ajanvaraus\/ohjeet-ehdot\/","name":"Vinkit ja ehdot - Dami - Nettiajanvaraus","isPartOf":{"@id":"https:\/\/www.dami.fi\/ajanvaraus\/#website"},"datePublished":"2016-01-27T08:18:05+00:00","dateModified":"2019-11-28T12:22:22+00:00","breadcrumb":{"@id":"https:\/\/www.dami.fi\/ajanvaraus\/ohjeet-ehdot\/#breadcrumb"},"inLanguage":"fi","potentialAction":[{"@type":"ReadAction","target":["https:\/\/www.dami.fi\/ajanvaraus\/ohjeet-ehdot\/"]}]},{"@type":"BreadcrumbList","@id":"https:\/\/www.dami.fi\/ajanvaraus\/ohjeet-ehdot\/#breadcrumb","itemListElement":[{"@type":"ListItem","position":1,"name":"Etusivu","item":"https:\/\/www.dami.fi\/ajanvaraus\/"},{"@type":"ListItem","position":2,"name":"Vinkit ja ehdot"}]},{"@type":"WebSite","@id":"https:\/\/www.dami.fi\/ajanvaraus\/#website","url":"https:\/\/www.dami.fi\/ajanvaraus\/","name":"Dami - Nettiajanvaraus","description":"Parturi-Kampaamo Damin nettiajanvaraus","potentialAction":[{"@type":"SearchAction","target":{"@type":"EntryPoint","urlTemplate":"https:\/\/www.dami.fi\/ajanvaraus\/?s={search_term_string}"},"query-input":{"@type":"PropertyValueSpecification","valueRequired":true,"valueName":"search_term_string"}}],"inLanguage":"fi"}]}},"_links":{"self":[{"href":"https:\/\/www.dami.fi\/ajanvaraus\/wp-json\/wp\/v2\/pages\/2","targetHints":{"allow":["GET"]}}],"collection":[{"href":"https:\/\/www.dami.fi\/ajanvaraus\/wp-json\/wp\/v2\/pages"}],"about":[{"href":"https:\/\/www.dami.fi\/ajanvaraus\/wp-json\/wp\/v2\/types\/page"}],"author":[{"embeddable":true,"href":"https:\/\/www.dami.fi\/ajanvaraus\/wp-json\/wp\/v2\/users\/1"}],"replies":[{"embeddable":true,"href":"https:\/\/www.dami.fi\/ajanvaraus\/wp-json\/wp\/v2\/comments?post=2"}],"version-history":[{"count":11,"href":"https:\/\/www.dami.fi\/ajanvaraus\/wp-json\/wp\/v2\/pages\/2\/revisions"}],"predecessor-version":[{"id":421,"href":"https:\/\/www.dami.fi\/ajanvaraus\/wp-json\/wp\/v2\/pages\/2\/revisions\/421"}],"wp:attachment":[{"href":"https:\/\/www.dami.fi\/ajanvaraus\/wp-json\/wp\/v2\/media?parent=2"}],"curies":[{"name":"wp","href":"https:\/\/api.w.org\/{rel}","templated":true}]}}